{"id":484,"date":"2023-06-12T09:04:23","date_gmt":"2023-06-12T09:04:23","guid":{"rendered":"https:\/\/www.artsardts.nl\/?page_id=484"},"modified":"2026-02-07T06:51:06","modified_gmt":"2026-02-07T06:51:06","slug":"arts-ardts-family-history","status":"publish","type":"page","link":"https:\/\/www.artsardts.nl\/index.php\/arts-ardts-family-history\/","title":{"rendered":"Arts-Ardts-Artz family history \/ Familiengeschichte"},"content":{"rendered":"\n<div class=\"wp-block-columns is-layout-flex wp-container-core-columns-is-layout-28f84493 wp-block-columns-is-layout-flex\">\n<div class=\"wp-block-column has-border-color has-ast-global-color-6-border-color has-ast-global-color-6-background-color has-background is-layout-flow wp-block-column-is-layout-flow\" style=\"border-width:10px\">\n<h2 class=\"wp-block-heading has-text-align-center has-white-color has-ast-global-color-6-background-color has-text-color has-background has-link-color wp-elements-88202124d59777d607e0c56eea8cb0bf\">Arts-Ardts-Artz Family history \/ <em>Familiengeschichte<\/em><\/h2>\n<\/div>\n<\/div>\n\n\n\n<div class=\"wp-block-columns is-layout-flex wp-container-core-columns-is-layout-28f84493 wp-block-columns-is-layout-flex\">\n<div class=\"wp-block-column is-vertically-aligned-center is-layout-flow wp-block-column-is-layout-flow\">\n<div class=\"wp-block-columns is-layout-flex wp-container-core-columns-is-layout-28f84493 wp-block-columns-is-layout-flex\">\n<div class=\"wp-block-column is-vertically-aligned-center is-layout-flow wp-block-column-is-layout-flow\">\n<p>Is your last name or your (great)(grand)parents last name Arts, Ardts or Artz? And are you interested in genealogy and your family history? <\/p>\n\n\n\n<p>Maybe you are a member of our big family!<\/p>\n<\/div>\n\n\n\n<div class=\"wp-block-column is-vertically-aligned-center is-layout-flow wp-block-column-is-layout-flow\">\n<h6 class=\"wp-block-heading has-text-align-right\"><em>Ist Ihr Name oder der Nachname Ihrer Vorfahren Arts, Ardts oder Artz? Und interessieren Sie sich f\u00fcr Genealogie und Ihre Familiengeschichte?<\/em><\/h6>\n\n\n\n<h6 class=\"wp-block-heading has-text-align-right\"><em>Vielleicht sind Sie ein Mitglied unserer gro\u00dfen Familie!<\/em><\/h6>\n<\/div>\n<\/div>\n\n\n\n<div class=\"wp-block-columns is-layout-flex wp-container-core-columns-is-layout-28f84493 wp-block-columns-is-layout-flex\">\n<div class=\"wp-block-column is-vertically-aligned-center is-layout-flow wp-block-column-is-layout-flow\">\n<p>My name is Jan Arts and I have traced back our ancestors to the early 17th century.<\/p>\n\n\n\n<p>The story begins with Aart and Katrijn who married in 1646 in Ledeacker, a small village in the east of the province Noord-Brabant in <em>het Land van Cuyck<\/em> in the Netherlands. <\/p>\n<\/div>\n\n\n\n<div class=\"wp-block-column is-vertically-aligned-center is-layout-flow wp-block-column-is-layout-flow\">\n<h6 class=\"wp-block-heading has-text-align-right\"><em>Mein Name ist Jan Arts und ich habe unsere Vorfahren bis ins fr\u00fche 17. Jahrhundert erforscht.<\/em><\/h6>\n\n\n\n<h6 class=\"wp-block-heading has-text-align-right\"><em>Die Geschichte beginnt mit Aart und Katrijn die 1646 in Ledeacker heiraten, einem kleinen Dorf im Osten der Provinz Noord-Brabant im Land van Cuyck in den Niederlanden.<\/em><\/h6>\n<\/div>\n<\/div>\n\n\n\n<figure class=\"wp-block-image aligncenter size-full is-resized\"><img loading=\"lazy\" decoding=\"async\" width=\"815\" height=\"557\" src=\"https:\/\/www.artsardts.nl\/wp-content\/uploads\/2023\/06\/afb_land-van-cuijk.png\" alt=\"\" class=\"wp-image-660\" style=\"width:477px;height:325px\" srcset=\"https:\/\/www.artsardts.nl\/wp-content\/uploads\/2023\/06\/afb_land-van-cuijk.png 815w, https:\/\/www.artsardts.nl\/wp-content\/uploads\/2023\/06\/afb_land-van-cuijk-300x205.png 300w, https:\/\/www.artsardts.nl\/wp-content\/uploads\/2023\/06\/afb_land-van-cuijk-768x525.png 768w\" sizes=\"auto, (max-width: 815px) 100vw, 815px\" \/><figcaption class=\"wp-element-caption\"><em>Ledeacker (&#8216;Opt Lecke&#8217;) and surroundings (~1620)<\/em>.<\/figcaption><\/figure>\n\n\n\n<div class=\"wp-block-columns is-layout-flex wp-container-core-columns-is-layout-28f84493 wp-block-columns-is-layout-flex\">\n<div class=\"wp-block-column is-vertically-aligned-center is-layout-flow wp-block-column-is-layout-flow\">\n<p>The Arts family tree expands via Beugen, Sint Anthonis and many other places in the south east of the Netherlands.<\/p>\n\n\n\n<p>Already from 1850 onwards quite a few Arts family members leave the Netherlands and settle abroad.<\/p>\n\n\n\n<p>On this page you will find some more details on the Arts family members who left for the US (in English) and <em>Preu\u00dfen<\/em> (in German).<\/p>\n<\/div>\n\n\n\n<div class=\"wp-block-column is-vertically-aligned-center is-layout-flow wp-block-column-is-layout-flow\">\n<h6 class=\"wp-block-heading has-text-align-right\"><em>Der Stammbaum der Familie Arts erstreckt sich \u00fcber Beugen, Sint Anthonis und viele andere Orte im S\u00fcdosten der Niederlande.<\/em><\/h6>\n\n\n\n<h6 class=\"wp-block-heading has-text-align-right\"><em>Seit 1850 sind mehrere Mitglieder der Arts Familie ausgewandert.<\/em><\/h6>\n\n\n\n<h6 class=\"wp-block-heading has-text-align-right\"><em>Auf dieser Seite finden Sie weitere Details zu den Mitgliedern der Arts Familie, die in die USA (auf English) und nach Preu\u00dfen (auf Deutsch) ausgewandert sind<\/em>.<\/h6>\n<\/div>\n<\/div>\n\n\n\n<p><\/p>\n\n\n\n<p>Already in 1856 the first Arts emigrates to the US. In a period of 100 years in total eight Arts family members make this journey. Some travel as singles, some as newlyweds and some with young children. The first two go by sailing ship, the ones travelling after 1880 go by steamship and the last two take a plane in the late 1950s.<\/p>\n\n\n\n<p>Six of the eight Arts family members settle in Wisconsin near Lake Michigan in places like Sheboygan, Little Chute and De Pere. There has been a Dutch Brabant catholic enclave in this area since 1848. You will not only find many Dutch names here but also a windmill and even a <em>schut<\/em>.<\/p>\n\n\n\n<p>Read more about the US Arts families in <a href=\"https:\/\/www.artsardts.nl\/index.php\/the-emigrants\/\">The Emigrants<\/a>.<\/p>\n\n\n\n<div class=\"wp-block-columns is-layout-flex wp-container-core-columns-is-layout-28f84493 wp-block-columns-is-layout-flex\">\n<div class=\"wp-block-column is-vertically-aligned-center is-layout-flow wp-block-column-is-layout-flow\">\n<figure class=\"wp-block-image aligncenter size-full\"><img loading=\"lazy\" decoding=\"async\" width=\"1153\" height=\"727\" src=\"https:\/\/www.artsardts.nl\/wp-content\/uploads\/2025\/01\/afb_chimborazo-schip.png\" alt=\"\" class=\"wp-image-1625\" srcset=\"https:\/\/www.artsardts.nl\/wp-content\/uploads\/2025\/01\/afb_chimborazo-schip.png 1153w, https:\/\/www.artsardts.nl\/wp-content\/uploads\/2025\/01\/afb_chimborazo-schip-300x189.png 300w, https:\/\/www.artsardts.nl\/wp-content\/uploads\/2025\/01\/afb_chimborazo-schip-1024x646.png 1024w, https:\/\/www.artsardts.nl\/wp-content\/uploads\/2025\/01\/afb_chimborazo-schip-768x484.png 768w\" sizes=\"auto, (max-width: 1153px) 100vw, 1153px\" \/><figcaption class=\"wp-element-caption\"><em>Chimborazo(Henry E. Tozer 1880)<\/em><\/figcaption><\/figure>\n<\/div>\n\n\n\n<div class=\"wp-block-column is-vertically-aligned-center is-layout-flow wp-block-column-is-layout-flow\">\n<figure class=\"wp-block-image aligncenter size-full is-resized\"><img loading=\"lazy\" decoding=\"async\" width=\"643\" height=\"794\" src=\"https:\/\/www.artsardts.nl\/wp-content\/uploads\/2023\/06\/afb_holland-america-line.png\" alt=\"\" class=\"wp-image-486\" style=\"width:200px;height:auto\" srcset=\"https:\/\/www.artsardts.nl\/wp-content\/uploads\/2023\/06\/afb_holland-america-line.png 643w, https:\/\/www.artsardts.nl\/wp-content\/uploads\/2023\/06\/afb_holland-america-line-243x300.png 243w\" sizes=\"auto, (max-width: 643px) 100vw, 643px\" \/><figcaption class=\"wp-element-caption\"><em>Gemeentearchief Rotterdam.<\/em><\/figcaption><\/figure>\n<\/div>\n\n\n\n<div class=\"wp-block-column is-vertically-aligned-center is-layout-flow wp-block-column-is-layout-flow\">\n<figure class=\"wp-block-image aligncenter size-full\"><img loading=\"lazy\" decoding=\"async\" width=\"830\" height=\"654\" src=\"https:\/\/www.artsardts.nl\/wp-content\/uploads\/2023\/06\/afb_little-chute.png\" alt=\"\" class=\"wp-image-487\" srcset=\"https:\/\/www.artsardts.nl\/wp-content\/uploads\/2023\/06\/afb_little-chute.png 830w, https:\/\/www.artsardts.nl\/wp-content\/uploads\/2023\/06\/afb_little-chute-300x236.png 300w, https:\/\/www.artsardts.nl\/wp-content\/uploads\/2023\/06\/afb_little-chute-768x605.png 768w\" sizes=\"auto, (max-width: 830px) 100vw, 830px\" \/><figcaption class=\"wp-element-caption\"><em>Littlechutewindmill.org<\/em><\/figcaption><\/figure>\n<\/div>\n<\/div>\n\n\n\n<p><\/p>\n\n\n\n<p class=\"has-text-align-right\"><em>In der zweiten H\u00e4lfte des 19. Jahrhundert wanderten einige nach Preu\u00dfen aus.<\/em><\/p>\n\n\n\n<p class=\"has-text-align-right\"><em>So zog um 1850 eine gro\u00dfe Familie Ardts\/Artz nach Kessel und ihre Enkelkinder gr\u00fcndeten Familien in D\u00f6rfern wie Pfalzdorf, Hassum und Goch.<\/em><\/p>\n\n\n\n<p class=\"has-text-align-right\"><em>Rund 1855 zogen die zwei Br\u00fcder Jasper und Hendrikus Arts nach Preu\u00dfen. Sie nannten sich Caspar und Heinrich Artz. Caspar hatte mehrere (Enkel)kinder in Frintrop und Borbeck (Essen).<\/em><\/p>\n\n\n\n<p class=\"has-text-align-right\"><em>Martinus Arts heirate 1895 eine deutsche Frau in Keppeln und sie hatten auch viele (Enkel)kinder in Deutschland.<\/em><\/p>\n\n\n\n<p class=\"has-text-align-right\"><em>Auch zwei Cousins Arts zogen am Ende des 19. Jahrhunderts nach Deutschland. <em>Hendrikus (Heinrich) Arts gr\u00fcndete eine Familie in Osterfeld (Oberhausen); Johannes (Johann) Arts in Sevelen (in der N\u00e4he von Geldern und Issum).<\/em><\/em><\/p>\n\n\n\n<p class=\"has-text-align-right\"><em>Lesen Sie mehr \u00fcber die deutschen Arts-Ardts-Artz Familien in <a href=\"https:\/\/www.artsardts.nl\/index.php\/preusen\/\" type=\"page\" id=\"1964\" target=\"_blank\" rel=\"noreferrer noopener\">Preu\u00dfen<\/a>.<\/em><\/p>\n\n\n\n<figure class=\"wp-block-image aligncenter size-full is-resized\"><img loading=\"lazy\" decoding=\"async\" width=\"597\" height=\"299\" src=\"https:\/\/www.artsardts.nl\/wp-content\/uploads\/2023\/06\/afb_kessel.png\" alt=\"\" class=\"wp-image-597\" style=\"width:545px;height:273px\" srcset=\"https:\/\/www.artsardts.nl\/wp-content\/uploads\/2023\/06\/afb_kessel.png 597w, https:\/\/www.artsardts.nl\/wp-content\/uploads\/2023\/06\/afb_kessel-300x150.png 300w\" sizes=\"auto, (max-width: 597px) 100vw, 597px\" \/><figcaption class=\"wp-element-caption\"><em>Kessel und Umgebung (~1850)<\/em>.<\/figcaption><\/figure>\n\n\n\n<div class=\"wp-block-columns is-layout-flex wp-container-core-columns-is-layout-28f84493 wp-block-columns-is-layout-flex\">\n<div class=\"wp-block-column is-layout-flow wp-block-column-is-layout-flow\">\n<p>You can check out yourself if you are related on the page <a href=\"https:\/\/www.artsardts.nl\/index.php\/familie\/\">Familie?<\/a>; if a name on this page is familiar chances are high you are part of the family!<\/p>\n\n\n\n<p>You can also sent me the name and date of birth of your Arts, Ardts of Artz ancestor and I can check it for you.<\/p>\n<\/div>\n\n\n\n<div class=\"wp-block-column is-vertically-aligned-center is-layout-flow wp-block-column-is-layout-flow\">\n<h6 class=\"wp-block-heading has-text-align-right\"><em>Auf der Seite <a href=\"https:\/\/www.artsardts.nl\/index.php\/familie\/\">Familie?<\/a> k\u00f6nnen Sie selbst \u00fcberpr\u00fcfen ob Sie mit uns verwandt sind. Wenn Ihnen ein Name auf dieser Seite bekannt vorkommt, sind Sie wahrscheinlich Teil der Familie!<\/em><\/h6>\n\n\n\n<h6 class=\"wp-block-heading has-text-align-right\"><em>Sie k\u00f6nnen mir auch den Namen und das Geburtsdatum Ihres Arts, Ardts of Artz-Vorfahren schicken und ich kann es f\u00fcr Sie \u00fcberpr\u00fcfen.<\/em><\/h6>\n<\/div>\n<\/div>\n\n\n\n<div class=\"wp-block-columns is-layout-flex wp-container-core-columns-is-layout-28f84493 wp-block-columns-is-layout-flex\">\n<div class=\"wp-block-column is-vertically-aligned-center is-layout-flow wp-block-column-is-layout-flow\">\n<p>I have written a book about our large family. Check out the page <a href=\"https:\/\/www.artsardts.nl\/index.php\/boek-familie-ardts\/\">Boek<\/a> for a preview copy and how to order.<\/p>\n\n\n\n<p>A few special family stories from the book are available on the page <a href=\"https:\/\/www.artsardts.nl\/index.php\/verhalen\/\">Verhalen<\/a>.<\/p>\n<\/div>\n\n\n\n<div class=\"wp-block-column is-vertically-aligned-center is-layout-flow wp-block-column-is-layout-flow\">\n<h6 class=\"wp-block-heading has-text-align-right\"><em>Ich habe ein Buch geschrieben \u00fcber unsere gro\u00dfe Familie. Sie k\u00f6nnen bei <a href=\"https:\/\/www.artsardts.nl\/index.php\/boek-familie-ardts\/\">Boek<\/a> ein Vorschauexemplar sehen und auch das Buch bestellen.<\/em><\/h6>\n\n\n\n<h6 class=\"wp-block-heading has-text-align-right\"><em>Ein paar besondere Familiengeschichten aus dem Buch finden Sie bei <a href=\"https:\/\/www.artsardts.nl\/index.php\/verhalen\/\">Verhalen<\/a>.<\/em><\/h6>\n<\/div>\n<\/div>\n\n\n\n<div class=\"wp-block-columns is-layout-flex wp-container-core-columns-is-layout-28f84493 wp-block-columns-is-layout-flex\">\n<div class=\"wp-block-column is-vertically-aligned-center is-layout-flow wp-block-column-is-layout-flow\">\n<p>If we are family I really would like to get connected.<\/p>\n\n\n\n<p>I am looking forward to seeing nice pictures and hearing beautiful stories!<\/p>\n<\/div>\n\n\n\n<div class=\"wp-block-column is-vertically-aligned-center is-layout-flow wp-block-column-is-layout-flow\">\n<h6 class=\"wp-block-heading has-text-align-right\"><em>Wenn wir miteinander verwandt sind, w\u00fcrde ich Sie gerne kennenlernen.<\/em><\/h6>\n\n\n\n<h6 class=\"wp-block-heading has-text-align-right\"><em>Ich freue mich auf sch\u00f6ne Bilder und Geschichten!<\/em><em><\/em><\/h6>\n<\/div>\n<\/div>\n\n\n\n<div class=\"wp-block-columns is-layout-flex wp-container-core-columns-is-layout-28f84493 wp-block-columns-is-layout-flex\">\n<div class=\"wp-block-column is-layout-flow wp-block-column-is-layout-flow\">\n<p><\/p>\n\n\n\n<p class=\"has-text-align-center\">Jan Arts<\/p>\n\n\n\n<div class=\"wp-block-buttons is-content-justification-center is-layout-flex wp-container-core-buttons-is-layout-a89b3969 wp-block-buttons-is-layout-flex\">\n<div class=\"wp-block-button\"><a class=\"wp-block-button__link has-ast-global-color-6-background-color has-background has-text-align-center wp-element-button\" href=\"mailto:jwainfo@yahoo.com\">jwainfo@yahoo.com<\/a><\/div>\n<\/div>\n<\/div>\n\n\n\n<div class=\"wp-block-column is-layout-flow wp-block-column-is-layout-flow\">\n<figure class=\"wp-block-image aligncenter size-large is-resized\"><img loading=\"lazy\" decoding=\"async\" width=\"855\" height=\"1024\" src=\"https:\/\/www.artsardts.nl\/wp-content\/uploads\/2023\/10\/afb_wapen-5-855x1024.png\" alt=\"\" class=\"wp-image-909\" style=\"aspect-ratio:0.8349609375;width:222px;height:auto\" srcset=\"https:\/\/www.artsardts.nl\/wp-content\/uploads\/2023\/10\/afb_wapen-5-855x1024.png 855w, https:\/\/www.artsardts.nl\/wp-content\/uploads\/2023\/10\/afb_wapen-5-250x300.png 250w, https:\/\/www.artsardts.nl\/wp-content\/uploads\/2023\/10\/afb_wapen-5-768x920.png 768w, https:\/\/www.artsardts.nl\/wp-content\/uploads\/2023\/10\/afb_wapen-5-1282x1536.png 1282w, https:\/\/www.artsardts.nl\/wp-content\/uploads\/2023\/10\/afb_wapen-5-1710x2048.png 1710w\" sizes=\"auto, (max-width: 855px) 100vw, 855px\" \/><\/figure>\n<\/div>\n<\/div>\n\n\n\n<h6 class=\"wp-block-heading has-text-align-left\">The golden shield with the two red bars refers to the coat of arms of the Land van Cuijk: the place of \u200b\u200borigin of our family. The symbols represent the professions that our ancestors had between 1650 and 1800 (in addition to their profession as farmers). These were beer brewer and baker (the grain sheaves), cattle trader and butcher (the pigs) and sheriff and alderman (the crossed halberds).<\/h6>\n<\/div>\n<\/div>\n\n\n\n<p>k<\/p>\n","protected":false},"excerpt":{"rendered":"<p>Arts-Ardts-Artz Family history \/ Familiengeschichte Is your last name or your (great)(grand)parents last name Arts, Ardts or Artz? And are you interested in genealogy and your family history? Maybe you are a member of our big family! Ist Ihr Name oder der Nachname Ihrer Vorfahren Arts, Ardts oder Artz? Und interessieren Sie sich f\u00fcr Genealogie [&hellip;]<\/p>\n","protected":false},"author":1,"featured_media":747,"parent":0,"menu_order":0,"comment_status":"closed","ping_status":"closed","template":"","meta":{"om_disable_all_campaigns":false,"_monsterinsights_skip_tracking":false,"_monsterinsights_sitenote_active":false,"_monsterinsights_sitenote_note":"","_monsterinsights_sitenote_category":0,"_uf_show_specific_survey":0,"_uf_disable_surveys":false,"site-sidebar-layout":"default","site-content-layout":"","ast-site-content-layout":"default","site-content-style":"default","site-sidebar-style":"default","ast-global-header-display":"","ast-banner-title-visibility":"","ast-main-header-display":"","ast-hfb-above-header-display":"","ast-hfb-below-header-display":"","ast-hfb-mobile-header-display":"","site-post-title":"disabled","ast-breadcrumbs-content":"","ast-featured-img":"","footer-sml-layout":"","ast-disable-related-posts":"","theme-transparent-header-meta":"","adv-header-id-meta":"","stick-header-meta":"","header-above-stick-meta":"","header-main-stick-meta":"","header-below-stick-meta":"","astra-migrate-meta-layouts":"set","ast-page-background-enabled":"default","ast-page-background-meta":{"desktop":{"background-color":"var(--ast-global-color-4)","background-image":"","background-repeat":"repeat","background-position":"center center","background-size":"auto","background-attachment":"scroll","background-type":"","background-media":"","overlay-type":"","overlay-color":"","overlay-opacity":"","overlay-gradient":""},"tablet":{"background-color":"","background-image":"","background-repeat":"repeat","background-position":"center center","background-size":"auto","background-attachment":"scroll","background-type":"","background-media":"","overlay-type":"","overlay-color":"","overlay-opacity":"","overlay-gradient":""},"mobile":{"background-color":"","background-image":"","background-repeat":"repeat","background-position":"center center","background-size":"auto","background-attachment":"scroll","background-type":"","background-media":"","overlay-type":"","overlay-color":"","overlay-opacity":"","overlay-gradient":""}},"ast-content-background-meta":{"desktop":{"background-color":"var(--ast-global-color-5)","background-image":"","background-repeat":"repeat","background-position":"center center","background-size":"auto","background-attachment":"scroll","background-type":"","background-media":"","overlay-type":"","overlay-color":"","overlay-opacity":"","overlay-gradient":""},"tablet":{"background-color":"var(--ast-global-color-5)","background-image":"","background-repeat":"repeat","background-position":"center center","background-size":"auto","background-attachment":"scroll","background-type":"","background-media":"","overlay-type":"","overlay-color":"","overlay-opacity":"","overlay-gradient":""},"mobile":{"background-color":"var(--ast-global-color-5)","background-image":"","background-repeat":"repeat","background-position":"center center","background-size":"auto","background-attachment":"scroll","background-type":"","background-media":"","overlay-type":"","overlay-color":"","overlay-opacity":"","overlay-gradient":""}},"footnotes":""},"class_list":["post-484","page","type-page","status-publish","has-post-thumbnail","hentry"],"yoast_head":"<!-- This site is optimized with the Yoast SEO plugin v27.4 - https:\/\/yoast.com\/product\/yoast-seo-wordpress\/ -->\n<title>Arts-Ardts-Artz family history \/ Familiengeschichte - Familie Arts-Ardts-Artz - Stamboom en verhalen<\/title>\n<meta name=\"description\" content=\"My name is Jan Arts and I have traced back our ancestors to the early 17th century. The story begins with Aart en Katrijn who married in 1646 in Ledeacker, a small town in the east of the province Brabant in the Netherlands. The family tree expands via many places in the south east of the Netherlands, but also quite a few members of our family emigrated abroad. Their last names were Arts, Ardts and Artz.\" \/>\n<meta name=\"robots\" content=\"index, follow, max-snippet:-1, max-image-preview:large, max-video-preview:-1\" \/>\n<link rel=\"canonical\" href=\"https:\/\/www.artsardts.nl\/index.php\/arts-ardts-family-history\/\" \/>\n<meta property=\"og:locale\" content=\"nl_NL\" \/>\n<meta property=\"og:type\" content=\"article\" \/>\n<meta property=\"og:title\" content=\"Arts-Ardts-Artz family history \/ Familiengeschichte - Familie Arts-Ardts-Artz - Stamboom en verhalen\" \/>\n<meta property=\"og:description\" content=\"My name is Jan Arts and I have traced back our ancestors to the early 17th century. The story begins with Aart en Katrijn who married in 1646 in Ledeacker, a small town in the east of the province Brabant in the Netherlands. The family tree expands via many places in the south east of the Netherlands, but also quite a few members of our family emigrated abroad. Their last names were Arts, Ardts and Artz.\" \/>\n<meta property=\"og:url\" content=\"https:\/\/www.artsardts.nl\/index.php\/arts-ardts-family-history\/\" \/>\n<meta property=\"og:site_name\" content=\"Familie Arts-Ardts-Artz\" \/>\n<meta property=\"article:modified_time\" content=\"2026-02-07T06:51:06+00:00\" \/>\n<meta property=\"og:image\" content=\"https:\/\/www.artsardts.nl\/wp-content\/uploads\/2023\/08\/afb_homepage_boven_3-e1694521016313-1024x384.png\" \/>\n\t<meta property=\"og:image:width\" content=\"1024\" \/>\n\t<meta property=\"og:image:height\" content=\"384\" \/>\n\t<meta property=\"og:image:type\" content=\"image\/png\" \/>\n<meta name=\"twitter:card\" content=\"summary_large_image\" \/>\n<meta name=\"twitter:label1\" content=\"Geschatte leestijd\" \/>\n\t<meta name=\"twitter:data1\" content=\"6 minuten\" \/>\n<script type=\"application\/ld+json\" class=\"yoast-schema-graph\">{\"@context\":\"https:\\\/\\\/schema.org\",\"@graph\":[{\"@type\":\"WebPage\",\"@id\":\"https:\\\/\\\/www.artsardts.nl\\\/index.php\\\/arts-ardts-family-history\\\/\",\"url\":\"https:\\\/\\\/www.artsardts.nl\\\/index.php\\\/arts-ardts-family-history\\\/\",\"name\":\"Arts-Ardts-Artz family history \\\/ Familiengeschichte - Familie Arts-Ardts-Artz - Stamboom en verhalen\",\"isPartOf\":{\"@id\":\"https:\\\/\\\/www.artsardts.nl\\\/#website\"},\"primaryImageOfPage\":{\"@id\":\"https:\\\/\\\/www.artsardts.nl\\\/index.php\\\/arts-ardts-family-history\\\/#primaryimage\"},\"image\":{\"@id\":\"https:\\\/\\\/www.artsardts.nl\\\/index.php\\\/arts-ardts-family-history\\\/#primaryimage\"},\"thumbnailUrl\":\"https:\\\/\\\/www.artsardts.nl\\\/wp-content\\\/uploads\\\/2023\\\/08\\\/afb_homepage_boven_3-e1694521016313.png\",\"datePublished\":\"2023-06-12T09:04:23+00:00\",\"dateModified\":\"2026-02-07T06:51:06+00:00\",\"description\":\"My name is Jan Arts and I have traced back our ancestors to the early 17th century. The story begins with Aart en Katrijn who married in 1646 in Ledeacker, a small town in the east of the province Brabant in the Netherlands. The family tree expands via many places in the south east of the Netherlands, but also quite a few members of our family emigrated abroad. Their last names were Arts, Ardts and Artz.\",\"breadcrumb\":{\"@id\":\"https:\\\/\\\/www.artsardts.nl\\\/index.php\\\/arts-ardts-family-history\\\/#breadcrumb\"},\"inLanguage\":\"nl-NL\",\"potentialAction\":[{\"@type\":\"ReadAction\",\"target\":[\"https:\\\/\\\/www.artsardts.nl\\\/index.php\\\/arts-ardts-family-history\\\/\"]}]},{\"@type\":\"ImageObject\",\"inLanguage\":\"nl-NL\",\"@id\":\"https:\\\/\\\/www.artsardts.nl\\\/index.php\\\/arts-ardts-family-history\\\/#primaryimage\",\"url\":\"https:\\\/\\\/www.artsardts.nl\\\/wp-content\\\/uploads\\\/2023\\\/08\\\/afb_homepage_boven_3-e1694521016313.png\",\"contentUrl\":\"https:\\\/\\\/www.artsardts.nl\\\/wp-content\\\/uploads\\\/2023\\\/08\\\/afb_homepage_boven_3-e1694521016313.png\",\"width\":2740,\"height\":1027},{\"@type\":\"BreadcrumbList\",\"@id\":\"https:\\\/\\\/www.artsardts.nl\\\/index.php\\\/arts-ardts-family-history\\\/#breadcrumb\",\"itemListElement\":[{\"@type\":\"ListItem\",\"position\":1,\"name\":\"Home\",\"item\":\"https:\\\/\\\/www.artsardts.nl\\\/\"},{\"@type\":\"ListItem\",\"position\":2,\"name\":\"Arts-Ardts-Artz family history \\\/ Familiengeschichte\"}]},{\"@type\":\"WebSite\",\"@id\":\"https:\\\/\\\/www.artsardts.nl\\\/#website\",\"url\":\"https:\\\/\\\/www.artsardts.nl\\\/\",\"name\":\"Familie Arts-Ardts-Artz\",\"description\":\"Stamboom en verhalen\",\"publisher\":{\"@id\":\"https:\\\/\\\/www.artsardts.nl\\\/#\\\/schema\\\/person\\\/7f33d9d61c6cb8885ecb19d62c5572d3\"},\"potentialAction\":[{\"@type\":\"SearchAction\",\"target\":{\"@type\":\"EntryPoint\",\"urlTemplate\":\"https:\\\/\\\/www.artsardts.nl\\\/?s={search_term_string}\"},\"query-input\":{\"@type\":\"PropertyValueSpecification\",\"valueRequired\":true,\"valueName\":\"search_term_string\"}}],\"inLanguage\":\"nl-NL\"},{\"@type\":[\"Person\",\"Organization\"],\"@id\":\"https:\\\/\\\/www.artsardts.nl\\\/#\\\/schema\\\/person\\\/7f33d9d61c6cb8885ecb19d62c5572d3\",\"name\":\"admin\",\"image\":{\"@type\":\"ImageObject\",\"inLanguage\":\"nl-NL\",\"@id\":\"https:\\\/\\\/www.artsardts.nl\\\/wp-content\\\/uploads\\\/2025\\\/02\\\/cropped-afb_familiewapen_transparant_4.png\",\"url\":\"https:\\\/\\\/www.artsardts.nl\\\/wp-content\\\/uploads\\\/2025\\\/02\\\/cropped-afb_familiewapen_transparant_4.png\",\"contentUrl\":\"https:\\\/\\\/www.artsardts.nl\\\/wp-content\\\/uploads\\\/2025\\\/02\\\/cropped-afb_familiewapen_transparant_4.png\",\"width\":882,\"height\":1049,\"caption\":\"admin\"},\"logo\":{\"@id\":\"https:\\\/\\\/www.artsardts.nl\\\/wp-content\\\/uploads\\\/2025\\\/02\\\/cropped-afb_familiewapen_transparant_4.png\"},\"sameAs\":[\"https:\\\/\\\/artsardts.nl\"]}]}<\/script>\n<!-- \/ Yoast SEO plugin. -->","yoast_head_json":{"title":"Arts-Ardts-Artz family history \/ Familiengeschichte - Familie Arts-Ardts-Artz - Stamboom en verhalen","description":"My name is Jan Arts and I have traced back our ancestors to the early 17th century. The story begins with Aart en Katrijn who married in 1646 in Ledeacker, a small town in the east of the province Brabant in the Netherlands. The family tree expands via many places in the south east of the Netherlands, but also quite a few members of our family emigrated abroad. Their last names were Arts, Ardts and Artz.","robots":{"index":"index","follow":"follow","max-snippet":"max-snippet:-1","max-image-preview":"max-image-preview:large","max-video-preview":"max-video-preview:-1"},"canonical":"https:\/\/www.artsardts.nl\/index.php\/arts-ardts-family-history\/","og_locale":"nl_NL","og_type":"article","og_title":"Arts-Ardts-Artz family history \/ Familiengeschichte - Familie Arts-Ardts-Artz - Stamboom en verhalen","og_description":"My name is Jan Arts and I have traced back our ancestors to the early 17th century. The story begins with Aart en Katrijn who married in 1646 in Ledeacker, a small town in the east of the province Brabant in the Netherlands. The family tree expands via many places in the south east of the Netherlands, but also quite a few members of our family emigrated abroad. Their last names were Arts, Ardts and Artz.","og_url":"https:\/\/www.artsardts.nl\/index.php\/arts-ardts-family-history\/","og_site_name":"Familie Arts-Ardts-Artz","article_modified_time":"2026-02-07T06:51:06+00:00","og_image":[{"width":1024,"height":384,"url":"https:\/\/www.artsardts.nl\/wp-content\/uploads\/2023\/08\/afb_homepage_boven_3-e1694521016313-1024x384.png","type":"image\/png"}],"twitter_card":"summary_large_image","twitter_misc":{"Geschatte leestijd":"6 minuten"},"schema":{"@context":"https:\/\/schema.org","@graph":[{"@type":"WebPage","@id":"https:\/\/www.artsardts.nl\/index.php\/arts-ardts-family-history\/","url":"https:\/\/www.artsardts.nl\/index.php\/arts-ardts-family-history\/","name":"Arts-Ardts-Artz family history \/ Familiengeschichte - Familie Arts-Ardts-Artz - Stamboom en verhalen","isPartOf":{"@id":"https:\/\/www.artsardts.nl\/#website"},"primaryImageOfPage":{"@id":"https:\/\/www.artsardts.nl\/index.php\/arts-ardts-family-history\/#primaryimage"},"image":{"@id":"https:\/\/www.artsardts.nl\/index.php\/arts-ardts-family-history\/#primaryimage"},"thumbnailUrl":"https:\/\/www.artsardts.nl\/wp-content\/uploads\/2023\/08\/afb_homepage_boven_3-e1694521016313.png","datePublished":"2023-06-12T09:04:23+00:00","dateModified":"2026-02-07T06:51:06+00:00","description":"My name is Jan Arts and I have traced back our ancestors to the early 17th century. The story begins with Aart en Katrijn who married in 1646 in Ledeacker, a small town in the east of the province Brabant in the Netherlands. The family tree expands via many places in the south east of the Netherlands, but also quite a few members of our family emigrated abroad. Their last names were Arts, Ardts and Artz.","breadcrumb":{"@id":"https:\/\/www.artsardts.nl\/index.php\/arts-ardts-family-history\/#breadcrumb"},"inLanguage":"nl-NL","potentialAction":[{"@type":"ReadAction","target":["https:\/\/www.artsardts.nl\/index.php\/arts-ardts-family-history\/"]}]},{"@type":"ImageObject","inLanguage":"nl-NL","@id":"https:\/\/www.artsardts.nl\/index.php\/arts-ardts-family-history\/#primaryimage","url":"https:\/\/www.artsardts.nl\/wp-content\/uploads\/2023\/08\/afb_homepage_boven_3-e1694521016313.png","contentUrl":"https:\/\/www.artsardts.nl\/wp-content\/uploads\/2023\/08\/afb_homepage_boven_3-e1694521016313.png","width":2740,"height":1027},{"@type":"BreadcrumbList","@id":"https:\/\/www.artsardts.nl\/index.php\/arts-ardts-family-history\/#breadcrumb","itemListElement":[{"@type":"ListItem","position":1,"name":"Home","item":"https:\/\/www.artsardts.nl\/"},{"@type":"ListItem","position":2,"name":"Arts-Ardts-Artz family history \/ Familiengeschichte"}]},{"@type":"WebSite","@id":"https:\/\/www.artsardts.nl\/#website","url":"https:\/\/www.artsardts.nl\/","name":"Familie Arts-Ardts-Artz","description":"Stamboom en verhalen","publisher":{"@id":"https:\/\/www.artsardts.nl\/#\/schema\/person\/7f33d9d61c6cb8885ecb19d62c5572d3"},"potentialAction":[{"@type":"SearchAction","target":{"@type":"EntryPoint","urlTemplate":"https:\/\/www.artsardts.nl\/?s={search_term_string}"},"query-input":{"@type":"PropertyValueSpecification","valueRequired":true,"valueName":"search_term_string"}}],"inLanguage":"nl-NL"},{"@type":["Person","Organization"],"@id":"https:\/\/www.artsardts.nl\/#\/schema\/person\/7f33d9d61c6cb8885ecb19d62c5572d3","name":"admin","image":{"@type":"ImageObject","inLanguage":"nl-NL","@id":"https:\/\/www.artsardts.nl\/wp-content\/uploads\/2025\/02\/cropped-afb_familiewapen_transparant_4.png","url":"https:\/\/www.artsardts.nl\/wp-content\/uploads\/2025\/02\/cropped-afb_familiewapen_transparant_4.png","contentUrl":"https:\/\/www.artsardts.nl\/wp-content\/uploads\/2025\/02\/cropped-afb_familiewapen_transparant_4.png","width":882,"height":1049,"caption":"admin"},"logo":{"@id":"https:\/\/www.artsardts.nl\/wp-content\/uploads\/2025\/02\/cropped-afb_familiewapen_transparant_4.png"},"sameAs":["https:\/\/artsardts.nl"]}]}},"_links":{"self":[{"href":"https:\/\/www.artsardts.nl\/index.php\/wp-json\/wp\/v2\/pages\/484","targetHints":{"allow":["GET"]}}],"collection":[{"href":"https:\/\/www.artsardts.nl\/index.php\/wp-json\/wp\/v2\/pages"}],"about":[{"href":"https:\/\/www.artsardts.nl\/index.php\/wp-json\/wp\/v2\/types\/page"}],"author":[{"embeddable":true,"href":"https:\/\/www.artsardts.nl\/index.php\/wp-json\/wp\/v2\/users\/1"}],"replies":[{"embeddable":true,"href":"https:\/\/www.artsardts.nl\/index.php\/wp-json\/wp\/v2\/comments?post=484"}],"version-history":[{"count":79,"href":"https:\/\/www.artsardts.nl\/index.php\/wp-json\/wp\/v2\/pages\/484\/revisions"}],"predecessor-version":[{"id":2192,"href":"https:\/\/www.artsardts.nl\/index.php\/wp-json\/wp\/v2\/pages\/484\/revisions\/2192"}],"wp:featuredmedia":[{"embeddable":true,"href":"https:\/\/www.artsardts.nl\/index.php\/wp-json\/wp\/v2\/media\/747"}],"wp:attachment":[{"href":"https:\/\/www.artsardts.nl\/index.php\/wp-json\/wp\/v2\/media?parent=484"}],"curies":[{"name":"wp","href":"https:\/\/api.w.org\/{rel}","templated":true}]}}